{"id":3,"date":"2023-04-15T20:38:17","date_gmt":"2023-04-15T18:38:17","guid":{"rendered":"http:\/\/cyclo-les-copains-de-wavre.be\/?page_id=3"},"modified":"2023-04-21T22:45:22","modified_gmt":"2023-04-21T20:45:22","slug":"politique-de-confidentialite","status":"publish","type":"page","link":"https:\/\/cyclo-les-copains-de-wavre.be\/?page_id=3","title":{"rendered":"Politique de confidentialit\u00e9"},"content":{"rendered":"\n<p>Cet avis de confidentialit\u00e9 s&rsquo;applique au traitement des donn\u00e9es \u00e0 caract\u00e8re personnel li\u00e9es \u00e0 l&rsquo;utilisation du site web <a href=\"https:\/\/cyclo-les-copains-de-wavre.be\">d&rsquo;Amical cycliste \u00ab\u00a0Les copains de Wavre\u00a0\u00bb<\/a>.<\/p>\n\n\n\n<p><a href=\"https:\/\/cyclo-les-copains-de-wavre.be\">L&rsquo;Amical cycliste \u00ab\u00a0Les copains de Wavre<\/a>, en tant que responsable du traitement des donn\u00e9es \u00e0 caract\u00e8re personnel, s\u2019est engag\u00e9 \u00e0 respecter le r\u00e8glement g\u00e9n\u00e9ral sur la protection des donn\u00e9es n \u00b0 EU 2016\/679 (\u00abGDPR\u00bb) et avec toutes les lois et r\u00e9glementations en vigueur en mati\u00e8re de Protection des Donn\u00e9es.&nbsp;<br><a href=\"https:\/\/cyclo-les-copains-de-wavre.be\">L&rsquo;Amical cycliste \u00ab\u00a0Les copains de Wavre<\/a> souhaite s\u2019assurer que vous comprenez quelles informations personnelles sont collect\u00e9es \u00e0 votre sujet, comment vos informations personnelles sont utilis\u00e9es et comment elles sont conserv\u00e9es en toute s\u00e9curit\u00e9 lorsque vous utilisez le site Web de <a href=\"https:\/\/cyclo-les-copains-de-wavre.be\">L&rsquo;Amical cycliste \u00ab\u00a0Les copains de Wavre<\/a>.<\/p>\n\n\n\n<p><strong>1. Quelles donn\u00e9es personnelles collectons-nous?&nbsp;<\/strong><\/p>\n\n\n\n<p>Nom, pr\u00e9nom, adresse \u00e9lectronique.<\/p>\n\n\n\n<p><strong>2. Pourquoi utilisons-nous vos donn\u00e9es personnelles?<\/strong><\/p>\n\n\n\n<p>Nous utilisons vos donn\u00e9es personnelles afin de r\u00e9pondre \u00e0 vos demandes ou demandes de renseignements \u00e9manant de vous via l\u2019adresse <a href=\"mailto:contact@pdc-line-pharma.com\">contact@cyclo-<\/a><a href=\"mailto:contact@cyclo-les-copains-de-wavre.be\">les<\/a><a href=\"mailto:contact@pdc-line-pharma.com\">-copains-de-wavre.be<\/a>. La base l\u00e9gale justifiant le traitement est la suivante : le traitement est n\u00e9cessaire \u00e0 la r\u00e9alisation de l\u2019int\u00e9r\u00eat l\u00e9gitime poursuivi par <a href=\"https:\/\/cyclo-les-copains-de-wavre.be\">L&rsquo;Amical cycliste \u00ab\u00a0Les copains de Wavre<\/a>. Il est de l\u2019int\u00e9r\u00eat l\u00e9gitime de <a href=\"https:\/\/cyclo-les-copains-de-wavre.be\">L&rsquo;Amical cycliste \u00ab\u00a0Les copains de Wavre<\/a> de traiter des donn\u00e9es \u00e0 caract\u00e8re personnel en vue de r\u00e9pondre \u00e0 la demande de toute personne concern\u00e9e ayant pris contact avec <a href=\"https:\/\/cyclo-les-copains-de-wavre.be\">L&rsquo;Amical cycliste \u00ab\u00a0Les copains de Wavre<\/a>.\u00a0<\/p>\n\n\n\n<p><strong>3. Combien de temps allons-nous conserver vos informations personnelles?<\/strong><\/p>\n\n\n\n<p>Afin de r\u00e9pondre \u00e0 votre demande ou \u00e0 vos demandes de renseignements, nous conserverons vos donn\u00e9es aussi longtemps que n\u00e9cessaire pour atteindre cet objectif.<\/p>\n\n\n\n<p><strong>4. Partage de donn\u00e9es<\/strong><\/p>\n\n\n\n<p>Nous ne vendons, n&rsquo;\u00e9changeons ni ne louons vos donn\u00e9es personnelles \u00e0 des tiers.<br>Nous ne transmettons vos donn\u00e9es personnelles \u00e0 nos fournisseurs et\/ou sous-traitants que dans la mesure n\u00e9cessaire pour atteindre l&rsquo;objectif du traitement de vos donn\u00e9es.<br><\/p>\n\n\n\n<p><a href=\"https:\/\/cyclo-les-copains-de-wavre.be\">L&rsquo;Amical cycliste \u00ab\u00a0Les copains de Wavre<\/a> est alors responsable de mettre en place des mesures ad\u00e9quates telle que d\u00e9finies dans le RGPD en rapport avec la protection de vos donn\u00e9es personnelles.<\/p>\n\n\n\n<p><strong>5. Comment prot\u00e9geons-nous vos donn\u00e9es?<\/strong><\/p>\n\n\n\n<p><a href=\"https:\/\/cyclo-les-copains-de-wavre.be\">L&rsquo;Amical cycliste \u00ab\u00a0Les copains de Wavre<\/a> traite vos donn\u00e9es personnelles de mani\u00e8re confidentielle et utilise au moins le m\u00eame niveau de soin pour prot\u00e9ger vos donn\u00e9es personnelles par rapport \u00e0 ses propres informations confidentielles de nature similaire.<br>Vos donn\u00e9es personnelles sont contenues dans des r\u00e9seaux s\u00e9curis\u00e9s et ne sont accessibles qu\u2019\u00e0 un nombre limit\u00e9 de personnes qui disposent de droits d\u2019acc\u00e8s sp\u00e9cifiques sur ces syst\u00e8mes et qui sont tenues de pr\u00e9server la confidentialit\u00e9 des informations.<\/p>\n\n\n\n<p><strong>6. Vos droits<\/strong><\/p>\n\n\n\n<p>Selon le RGPD, vous disposez des droits suivants:<br>Information : Au moment o\u00f9 les donn\u00e9es \u00e0 caract\u00e8re personnel sont collect\u00e9es directement aupr\u00e8s de la personne concern\u00e9e ou obtenues aupr\u00e8s d\u2019une autre source, il est n\u00e9cessaire d\u2019informer la personne concern\u00e9e de l\u2019utilisation par <a href=\"https:\/\/cyclo-les-copains-de-wavre.be\">L&rsquo;Amical cycliste \u00ab\u00a0Les copains de Wavre<\/a> de ces donn\u00e9es personnelles et des droits de la personne concern\u00e9e sur ces donn\u00e9es. Le respect de ce droit est fourni dans le pr\u00e9sent \u00abPolitique de confidentialit\u00e9\u00bb.<\/p>\n\n\n\n<ul class=\"wp-block-list\">\n<li>Acc\u00e8s : Vous avez le droit d&rsquo;obtenir la confirmation du traitement des donn\u00e9es personnelles vous concernant et, le cas \u00e9ch\u00e9ant, toutes les informations n\u00e9cessaires pour rendre le processus transparent. Vous avez \u00e9galement le droit d&rsquo;obtenir une copie de vos donn\u00e9es personnelles en cours de traitement.<\/li>\n\n\n\n<li>Rectification : Vous avez le droit d&rsquo;exiger la rectification de donn\u00e9es inexactes \u00e0 votre sujet.<\/li>\n\n\n\n<li>Effacement : Vous avez le droit de demander la suppression de vos donn\u00e9es dans certaines circonstances.<\/li>\n\n\n\n<li>Restreindre le traitement : Vous avez le droit de restreindre le traitement des donn\u00e9es dans certaines circonstances<\/li>\n\n\n\n<li>La portabilit\u00e9 des donn\u00e9es : Vous avez le droit de demander la r\u00e9ception ou le transfert \u00e0 une autre organisation de vos donn\u00e9es personnelles sous une forme lisible par machine.<\/li>\n\n\n\n<li>Objection \u00e0 traiter : Vous avez le droit de vous opposer \u00e0 tout moment, pour des raisons li\u00e9es \u00e0 votre situation particuli\u00e8re, au traitement de vos donn\u00e9es.<\/li>\n\n\n\n<li>Droit de retirer son consentement. Lorsque vous avez donn\u00e9 votre consentement explicite pour le traitement de vos donn\u00e9es, vous pouvez le retirer \u00e0 tout moment sans justification. Le retrait du consentement n&rsquo;affectera pas la l\u00e9galit\u00e9 du traitement fond\u00e9 sur le consentement avant son retrait.<\/li>\n<\/ul>\n\n\n\n<p>Si vous souhaitez exercer vos droits, veuillez nous en informer en contactant notre D\u00e9l\u00e9gu\u00e9 \u00e0 la Protection des Donn\u00e9es (DPD), \u00e0 l\u2019adresse <a href=\"mailto:webmaster@cyclo-les-copains-de-wavre.be\">webmaster@cyclo-les-copains-de-wavre.be<\/a><\/p>\n\n\n\n<p>Vous avez \u00e9galement le droit de d\u00e9poser une plainte aupr\u00e8s de votre Autorit\u00e9 de Protection des Donn\u00e9es nationale.<\/p>\n\n\n\n<h2 class=\"wp-block-heading\"><strong>7. Contacts<\/strong><\/h2>\n\n\n\n<p><strong>D\u00e9l\u00e9g\u00e9 \u00e0 la protection des donn\u00e9es<\/strong>&nbsp;<br><a href=\"mailto:webmaster@cyclo-les-copains-de-wavre.be\">webmaster@cyclo-les-copains-de-wavre.be<\/a><\/p>\n\n\n\n<h2 class=\"wp-block-heading\"><strong>8.<\/strong> <strong>Autorit\u00e9s de protection des donn\u00e9es<\/strong><\/h2>\n\n\n\n<p><br><strong>Belgique : Autorit\u00e9 de protection des donn\u00e9es &#8211; APD<\/strong><br>Rue de la presse 35, 1000 Bruxelles<br>&nbsp;+32 (0)2 274 48 00<br>&nbsp;<a href=\"mailto:contact@apd-gba.be\">contact@apd-gba.be<\/a><\/p>\n\n\n\n<p><\/p>\n","protected":false},"excerpt":{"rendered":"<p>Cet avis de confidentialit\u00e9 s&rsquo;applique au traitement des donn\u00e9es \u00e0 caract\u00e8re personnel li\u00e9es \u00e0 l&rsquo;utilisation du site web d&rsquo;Amical cycliste \u00ab\u00a0Les copains de Wavre\u00a0\u00bb. L&rsquo;Amical cycliste \u00ab\u00a0Les copains de Wavre, en tant que responsable du traitement des donn\u00e9es \u00e0 caract\u00e8re &hellip; <a href=\"https:\/\/cyclo-les-copains-de-wavre.be\/?page_id=3\">Continuer la lecture <span class=\"meta-nav\">&rarr;<\/span><\/a><\/p>\n","protected":false},"author":1,"featured_media":0,"parent":14,"menu_order":10,"comment_status":"closed","ping_status":"open","template":"","meta":{"footnotes":""},"class_list":["post-3","page","type-page","status-publish","hentry"],"_links":{"self":[{"href":"https:\/\/cyclo-les-copains-de-wavre.be\/index.php?rest_route=\/wp\/v2\/pages\/3","targetHints":{"allow":["GET"]}}],"collection":[{"href":"https:\/\/cyclo-les-copains-de-wavre.be\/index.php?rest_route=\/wp\/v2\/pages"}],"about":[{"href":"https:\/\/cyclo-les-copains-de-wavre.be\/index.php?rest_route=\/wp\/v2\/types\/page"}],"author":[{"embeddable":true,"href":"https:\/\/cyclo-les-copains-de-wavre.be\/index.php?rest_route=\/wp\/v2\/users\/1"}],"replies":[{"embeddable":true,"href":"https:\/\/cyclo-les-copains-de-wavre.be\/index.php?rest_route=%2Fwp%2Fv2%2Fcomments&post=3"}],"version-history":[{"count":5,"href":"https:\/\/cyclo-les-copains-de-wavre.be\/index.php?rest_route=\/wp\/v2\/pages\/3\/revisions"}],"predecessor-version":[{"id":49,"href":"https:\/\/cyclo-les-copains-de-wavre.be\/index.php?rest_route=\/wp\/v2\/pages\/3\/revisions\/49"}],"up":[{"embeddable":true,"href":"https:\/\/cyclo-les-copains-de-wavre.be\/index.php?rest_route=\/wp\/v2\/pages\/14"}],"wp:attachment":[{"href":"https:\/\/cyclo-les-copains-de-wavre.be\/index.php?rest_route=%2Fwp%2Fv2%2Fmedia&parent=3"}],"curies":[{"name":"wp","href":"https:\/\/api.w.org\/{rel}","templated":true}]}}