{"id":251,"date":"2024-02-19T12:36:21","date_gmt":"2024-02-19T11:36:21","guid":{"rendered":"https:\/\/cyclo-les-copains-de-wavre.be\/?page_id=251"},"modified":"2024-02-19T12:52:24","modified_gmt":"2024-02-19T11:52:24","slug":"liens","status":"publish","type":"page","link":"https:\/\/cyclo-les-copains-de-wavre.be\/?page_id=251","title":{"rendered":"Liens"},"content":{"rendered":"<h1>M\u00e9t\u00e9o<\/h1>\n<h3>Radar de pr\u00e9cipitations (Belgique)<\/h3>\n<p><a href=\"https:\/\/www.meteobelgique.be\/observations\/animation\/radar-precipitations\">https:\/\/www.meteobelgique.be\/observations\/animation\/radar-precipitations<\/a><\/p>\n<p><a href=\"https:\/\/www.meteo.be\/en\/belgium\">https:\/\/www.meteo.be\/en\/belgium<\/a><\/p>\n<h3>Wavre<\/h3>\n<p><a href=\"https:\/\/www.meteobelgique.be\/previsions-meteo-belgique\/1300\/wavre\">https:\/\/www.meteobelgique.be\/previsions-meteo-belgique\/1300\/wavre<\/a><\/p>\n<p><a href=\"https:\/\/www.meteo.be\/en\/wavre\">https:\/\/www.meteo.be\/en\/wavre<\/a><\/p>\n<h1>F\u00e9d\u00e9rations<\/h1>\n<p><a href=\"https:\/\/www.velo-liberte.be\/\">V\u00e9lo Libert\u00e9 &#8211; FFBC<\/a><\/p>\n<p><a href=\"https:\/\/www.velo-liberte.be\/calendrier\/\">Calendrier<\/a><\/p>\n<p>&nbsp;<\/p>\n","protected":false},"excerpt":{"rendered":"<p>M\u00e9t\u00e9o Radar de pr\u00e9cipitations (Belgique) https:\/\/www.meteobelgique.be\/observations\/animation\/radar-precipitations https:\/\/www.meteo.be\/en\/belgium Wavre https:\/\/www.meteobelgique.be\/previsions-meteo-belgique\/1300\/wavre https:\/\/www.meteo.be\/en\/wavre F\u00e9d\u00e9rations V\u00e9lo Libert\u00e9 &#8211; FFBC Calendrier &nbsp;<\/p>\n","protected":false},"author":3,"featured_media":0,"parent":14,"menu_order":0,"comment_status":"closed","ping_status":"closed","template":"","meta":{"footnotes":""},"class_list":["post-251","page","type-page","status-publish","hentry"],"_links":{"self":[{"href":"https:\/\/cyclo-les-copains-de-wavre.be\/index.php?rest_route=\/wp\/v2\/pages\/251","targetHints":{"allow":["GET"]}}],"collection":[{"href":"https:\/\/cyclo-les-copains-de-wavre.be\/index.php?rest_route=\/wp\/v2\/pages"}],"about":[{"href":"https:\/\/cyclo-les-copains-de-wavre.be\/index.php?rest_route=\/wp\/v2\/types\/page"}],"author":[{"embeddable":true,"href":"https:\/\/cyclo-les-copains-de-wavre.be\/index.php?rest_route=\/wp\/v2\/users\/3"}],"replies":[{"embeddable":true,"href":"https:\/\/cyclo-les-copains-de-wavre.be\/index.php?rest_route=%2Fwp%2Fv2%2Fcomments&post=251"}],"version-history":[{"count":2,"href":"https:\/\/cyclo-les-copains-de-wavre.be\/index.php?rest_route=\/wp\/v2\/pages\/251\/revisions"}],"predecessor-version":[{"id":257,"href":"https:\/\/cyclo-les-copains-de-wavre.be\/index.php?rest_route=\/wp\/v2\/pages\/251\/revisions\/257"}],"up":[{"embeddable":true,"href":"https:\/\/cyclo-les-copains-de-wavre.be\/index.php?rest_route=\/wp\/v2\/pages\/14"}],"wp:attachment":[{"href":"https:\/\/cyclo-les-copains-de-wavre.be\/index.php?rest_route=%2Fwp%2Fv2%2Fmedia&parent=251"}],"curies":[{"name":"wp","href":"https:\/\/api.w.org\/{rel}","templated":true}]}}